{"id":22349,"date":"2026-03-27T06:05:01","date_gmt":"2026-03-27T06:05:01","guid":{"rendered":"https:\/\/seecon.de\/?post_type=product&#038;p=22349"},"modified":"2026-04-06T19:05:57","modified_gmt":"2026-04-06T19:05:57","slug":"integriertes-klimaschutzkonzept-stadt-dingelstaedt","status":"publish","type":"product","link":"https:\/\/seecon.de\/en\/product\/integriertes-klimaschutzkonzept-stadt-dingelstaedt\/","title":{"rendered":"INTEGRIERTES KLIMASCHUTZKONZEPT \u2013 STADT DINGELST\u00c4DT"},"content":{"rendered":"<p>Im Rahmen des integrierten Klimaschutzkonzepts f\u00fcr die Stadt Dingelst\u00e4dt unterst\u00fctzten die seecon Ingenieure die Kommune mit einem BISKO-zertifizierten Experten bei der Erstellung einer umfassenden Energie- und Treibhausgasbilanz. Die Bilanzierung erfolgte sektoral differenziert und bildete die Grundlage f\u00fcr die strategische Entwicklung von Szenarien und Ma\u00dfnahmen.<\/p>\n<p>Besonderes Augenmerk lag auf der Analyse des W\u00e4rmeverbrauchs, der f\u00fcr \u00fcber 60\u00a0% der lokalen Emissionen verantwortlich ist. In privaten Haushalten wurde der W\u00e4rmebedarf zu \u00fcber 80\u00a0% durch fossile Energietr\u00e4ger gedeckt \u2013 ein klarer Handlungsauftrag f\u00fcr die Zukunft. Gleichzeitig zeigt die Stadt Dingelst\u00e4dt im Strombereich eine Vorbildfunktion: Die lokale erneuerbare Stromerzeugung \u00fcbersteigt den Verbrauch bilanziell um das Doppelte.<\/p>\n<p>Die Potenzialanalyse offenbarte ein hohes technisches Ausbaupotenzial: Allein die gut geeigneten Dachfl\u00e4chen k\u00f6nnten den Strombedarf der Stadt mehr als dreifach decken. Auch die oberfl\u00e4chennahe Geothermie bietet ein rechnerisches Deckungspotenzial von \u00fcber 270\u00a0% des W\u00e4rmebedarfs. Erg\u00e4nzt wird dies durch ein Sanierungspotenzial von \u00fcber 50\u00a0% im Geb\u00e4udebestand.<\/p>\n<p>Im Szenarienvergleich wurde deutlich: Durch konsequente Nutzung der lokalen Potenziale kann die Stadt Dingelst\u00e4dt ihre spezifischen Emissionen bis 2045 deutlich senken \u2013 ein wichtiger Schritt in Richtung Klimaneutralit\u00e4t.<\/p>\n<p>Die seecon Ingenieure begleiteten das Projekt nicht nur technisch, sondern auch prozessual \u2013 von der Datenerhebung \u00fcber die Bilanzierung bis zur strategischen Ableitung von Ma\u00dfnahmen. So entstand ein belastbares Fundament f\u00fcr die kommunale Klimaschutzarbeit.<\/p>","protected":false},"excerpt":{"rendered":"<table width=\"656\">\n<tbody>\n<tr>\n<td width=\"212\"><strong>Category<\/strong><\/td>\n<\/tr>\n<tr>\n<td width=\"212\">Klimaschutzkonzept<\/td>\n<\/tr>\n<tr>\n<td width=\"212\"><strong>Auftraggeber<\/strong><\/td>\n<\/tr>\n<tr>\n<td width=\"212\">Stadt Dingelst\u00e4dt<\/td>\n<\/tr>\n<tr>\n<td width=\"212\"><strong>Period<\/strong><\/td>\n<\/tr>\n<tr>\n<td width=\"212\">05\/2024 \u2013 11\/2024<\/td>\n<\/tr>\n<tr>\n<td width=\"212\"><strong>Leistungsumfang<\/strong><\/td>\n<\/tr>\n<tr>\n<td width=\"212\">Ist-Analyse und Energie- und Treibhausgasbilanz, Potenzialanalyse und Szenarien, Prozessunterst\u00fctzung<\/td>\n<\/tr>\n<\/tbody>\n<\/table>","protected":false},"featured_media":22373,"template":"","meta":{"_acf_changed":false},"product_brand":[],"product_cat":[41],"product_tag":[],"class_list":{"0":"post-22349","1":"product","2":"type-product","3":"status-publish","4":"has-post-thumbnail","6":"product_cat-energie-klima","8":"first","9":"instock","10":"shipping-taxable","11":"product-type-simple"},"acf":[],"aioseo_notices":[],"_links":{"self":[{"href":"https:\/\/seecon.de\/en\/wp-json\/wp\/v2\/product\/22349","targetHints":{"allow":["GET"]}}],"collection":[{"href":"https:\/\/seecon.de\/en\/wp-json\/wp\/v2\/product"}],"about":[{"href":"https:\/\/seecon.de\/en\/wp-json\/wp\/v2\/types\/product"}],"wp:featuredmedia":[{"embeddable":true,"href":"https:\/\/seecon.de\/en\/wp-json\/wp\/v2\/media\/22373"}],"wp:attachment":[{"href":"https:\/\/seecon.de\/en\/wp-json\/wp\/v2\/media?parent=22349"}],"wp:term":[{"taxonomy":"product_brand","embeddable":true,"href":"https:\/\/seecon.de\/en\/wp-json\/wp\/v2\/product_brand?post=22349"},{"taxonomy":"product_cat","embeddable":true,"href":"https:\/\/seecon.de\/en\/wp-json\/wp\/v2\/product_cat?post=22349"},{"taxonomy":"product_tag","embeddable":true,"href":"https:\/\/seecon.de\/en\/wp-json\/wp\/v2\/product_tag?post=22349"}],"curies":[{"name":"wp","href":"https:\/\/api.w.org\/{rel}","templated":true}]}}